{"id":7002902,"date":"2021-10-29T16:03:51","date_gmt":"2021-10-29T16:03:51","guid":{"rendered":"https:\/\/gesticonnect.com\/administration-des-prestations\/"},"modified":"2021-11-22T16:01:42","modified_gmt":"2021-11-22T16:01:42","slug":"administration-des-avantages-sociaux","status":"publish","type":"page","link":"https:\/\/gesticonnect.com\/fr-ca\/nos-solutions\/administration-des-avantages-sociaux\/","title":{"rendered":"Administration des r\u00e9gimes d\u2019assurance collective"},"content":{"rendered":"<p>[vc_row equal_height=\u00a0\u00bbyes\u00a0\u00bb content_placement=\u00a0\u00bbmiddle\u00a0\u00bb css=\u00a0\u00bb.vc_custom_1633702531091{padding-top: 20px !important;padding-bottom: 20px !important;background-color: #ffffff !important;background-position: center !important;background-repeat: no-repeat !important;background-size: cover !important;}\u00a0\u00bb el_id=\u00a0\u00bbben-admin-sec1&Prime; el_class=\u00a0\u00bbdark-heading\u00a0\u00bb][vc_column width=\u00a0\u00bb1\/2&Prime; col_padding=\u00a0\u00bb3&Prime; col_padding_side=\u00a0\u00bbright\u00a0\u00bb css=\u00a0\u00bb.vc_custom_1631206017134{padding-top: 50px !important;padding-bottom: 50px !important;}\u00a0\u00bb el_class=\u00a0\u00bbben-admin-sec1-left\u00a0\u00bb][vc_single_image image=\u00a0\u00bb7003424&Prime;][\/vc_column][vc_column width=\u00a0\u00bb1\/2&Prime; col_padding_side=\u00a0\u00bbleft\u00a0\u00bb el_class=\u00a0\u00bbben-admin-sec1-right\u00a0\u00bb][vc_custom_heading text=\u00a0\u00bbTechnologie avant-gardiste automatisant l\u2019administration des r\u00e9gimes d\u2019assurance collective\u00a0\u00bb font_container=\u00a0\u00bbtag:h2|font_size:34px|text_align:left\u00a0\u00bb use_theme_fonts=\u00a0\u00bbyes\u00a0\u00bb el_class=\u00a0\u00bbhead-blue\u00a0\u00bb][vc_column_text font_size=\u00a0\u00bblarge\u00a0\u00bb]<\/p>\n<div class=\"FP-prod-desc\">\n<p>Simplifiez et automatisez vos processus d\u2019affaires.<\/p><\/div>\n<p>[\/vc_column_text][\/vc_column][\/vc_row][vc_row el_id=\u00a0\u00bbben-admin-sec2&Prime; css=\u00a0\u00bb.vc_custom_1633702554087{padding-top: 20px !important;padding-bottom: 20px !important;}\u00a0\u00bb el_class=\u00a0\u00bbdark-heading\u00a0\u00bb][vc_column]<div class=\"special-heading vntd-heading heading-no-border heading-align-center\"style=\"margin-bottom:60px;\"><h3 class=\"special-heading-title\">Solutions d\u2019administration<\/h3><p class=\"special-heading-subtitle\">Conception modulaire offrant une grande flexibilit\u00e9.<\/p><\/div>[\/vc_column][\/vc_row][vc_row css=\u00a0\u00bb.vc_custom_1631724905422{padding-top: 20px !important;padding-bottom: 20px !important;background-color: #f8f8f8 !important;}\u00a0\u00bb el_id=\u00a0\u00bbben-admin-sec3&Prime;][vc_column width=\u00a0\u00bb1\/4&Prime;]<div class=\"vntd-icon-box vntd-content-element box-centered-basic icon-size-medium box-centered\"><div class=\"icon-box-icon color-accent\"><i class=\"fas fa-laptop-medical\"><\/i><\/div><div class=\"icon-box-content\"><h5 class=\"icon-box-title\">FlexPlus<sup>MD<\/sup> ENTERPRISE<\/h5><p class=\"icon-description\">Notre plateforme d\u2019administration des r\u00e9gimes d\u2019assurances collectives, incluant les comptes de soins de sant\u00e9 et Co\u00fbt Plus.<\/p><\/div><\/div>[vc_column_text]<\/p>\n<div class=\"solutions-learnmore\"><a href=\"https:\/\/gesticonnect.com\/fr-ca\/nos-solutions\/administration-des-avantages-sociaux\/flexplus-entreprise\/\">En savoir plus<\/a><\/div>\n<p>[\/vc_column_text][\/vc_column][vc_column width=\u00a0\u00bb1\/4&Prime;]<div class=\"vntd-icon-box vntd-content-element box-centered-basic icon-size-medium box-centered\"><div class=\"icon-box-icon color-accent\"><i class=\"fas fa-network-wired\"><\/i><\/div><div class=\"icon-box-content\"><h5 class=\"icon-box-title\">FlexPlus<sup>MD<\/sup> CONNECT<\/h5><p class=\"icon-description\">Guichet unique, pratique,  pr\u00e9sentant de multiples sites et services utilis\u00e9s<br \/>\ncouramment par les employeurs et les employ\u00e9s.<\/p><\/div><\/div>[vc_column_text]<\/p>\n<div class=\"solutions-learnmore\"><a href=\"https:\/\/gesticonnect.com\/fr-ca\/nos-solutions\/administration-des-avantages-sociaux\/flexplus-connect\/\">En savoir plus<\/a><\/div>\n<p>[\/vc_column_text][\/vc_column][vc_column width=\u00a0\u00bb1\/4&Prime;]<div class=\"vntd-icon-box vntd-content-element box-centered-basic icon-size-medium box-centered\"><div class=\"icon-box-icon color-accent\"><i class=\"fas fa-comment-dollar\"><\/i><\/div><div class=\"icon-box-content\"><h5 class=\"icon-box-title\">FlexPlus<sup>MD<\/sup> PAIEMENT<\/h5><p class=\"icon-description\">Solution de paiement de bout en bout, s\u00fbre et bas\u00e9e sur l\u2019infonuagique, permettant de g\u00e9rer le recouvrement de primes aupr\u00e8s d\u2019employ\u00e9s non actifs (en cong\u00e9 ou retrait\u00e9s).<\/p><\/div><\/div>[vc_column_text]<\/p>\n<div class=\"solutions-learnmore\"><a href=\"https:\/\/gesticonnect.com\/fr-ca\/nos-solutions\/administration-des-avantages-sociaux\/flexplus-paiement\/\">En savoir plus<\/a><\/div>\n<p>[\/vc_column_text][\/vc_column][vc_column width=\u00a0\u00bb1\/4&Prime;]<div class=\"vntd-icon-box vntd-content-element box-centered-basic icon-size-medium box-centered\"><div class=\"icon-box-icon color-accent\"><i class=\"fas fa-file-invoice-dollar\"><\/i><\/div><div class=\"icon-box-content\"><h5 class=\"icon-box-title\">FlexPlus<sup>MD<\/sup> REMBOURSEMENT<\/h5><p class=\"icon-description\">Solution de paiement \u00e9lectronique simple et s\u00e9curis\u00e9e permettant les remboursements sur les comptes bancaires des employ\u00e9s<\/p><\/div><\/div>[vc_column_text]<\/p>\n<div class=\"solutions-learnmore\"><a href=\"https:\/\/gesticonnect.com\/fr-ca\/nos-solutions\/administration-des-avantages-sociaux\/flexplus-remboursement\/\">En savoir plus<\/a><\/div>\n<p>[\/vc_column_text][\/vc_column][\/vc_row]<\/p>\n","protected":false},"excerpt":{"rendered":"<p>[vc_row equal_height=\u00a0\u00bbyes\u00a0\u00bb content_placement=\u00a0\u00bbmiddle\u00a0\u00bb css=\u00a0\u00bb.vc_custom_1633702531091{padding-top: 20px !important;padding-bottom: 20px !important;background-color: #ffffff !important;background-position: center !important;background-repeat: no-repeat !important;background-size: cover !important;}\u00a0\u00bb el_id=\u00a0\u00bbben-admin-sec1&Prime; el_class=\u00a0\u00bbdark-heading\u00a0\u00bb][vc_column width=\u00a0\u00bb1\/2&Prime; col_padding=\u00a0\u00bb3&Prime; col_padding_side=\u00a0\u00bbright\u00a0\u00bb css=\u00a0\u00bb.vc_custom_1631206017134{padding-top: 50px !important;padding-bottom: 50px !important;}\u00a0\u00bb el_class=\u00a0\u00bbben-admin-sec1-left\u00a0\u00bb][vc_single_image image=\u00a0\u00bb7003424&Prime;][\/vc_column][vc_column width=\u00a0\u00bb1\/2&Prime; col_padding_side=\u00a0\u00bbleft\u00a0\u00bb el_class=\u00a0\u00bbben-admin-sec1-right\u00a0\u00bb][vc_custom_heading text=\u00a0\u00bbTechnologie avant-gardiste automatisant l\u2019administration des r\u00e9gimes d\u2019assurance collective\u00a0\u00bb font_container=\u00a0\u00bbtag:h2|font_size:34px|text_align:left\u00a0\u00bb use_theme_fonts=\u00a0\u00bbyes\u00a0\u00bb el_class=\u00a0\u00bbhead-blue\u00a0\u00bb][vc_column_text font_size=\u00a0\u00bblarge\u00a0\u00bb] Simplifiez et automatisez vos processus d\u2019affaires. [\/vc_column_text][\/vc_column][\/vc_row][vc_row [&hellip;]<\/p>\n","protected":false},"author":1,"featured_media":0,"parent":7002913,"menu_order":0,"comment_status":"closed","ping_status":"closed","template":"","meta":{"bgseo_title":"","bgseo_description":"","bgseo_robots_index":"index","bgseo_robots_follow":"follow","footnotes":""},"class_list":["post-7002902","page","type-page","status-publish","hentry"],"yoast_head":"<!-- This site is optimized with the Yoast SEO plugin v21.7 - https:\/\/yoast.com\/wordpress\/plugins\/seo\/ -->\n<title>Administration des r\u00e9gimes d\u2019assurance collective | Gesticonnect<\/title>\n<meta name=\"robots\" content=\"index, follow, max-snippet:-1, max-image-preview:large, max-video-preview:-1\" \/>\n<link rel=\"canonical\" href=\"https:\/\/gesticonnect.com\/fr-ca\/nos-solutions\/administration-des-avantages-sociaux\/\" \/>\n<meta property=\"og:locale\" content=\"fr_CA\" \/>\n<meta property=\"og:type\" content=\"article\" \/>\n<meta property=\"og:title\" content=\"Administration des r\u00e9gimes d\u2019assurance collective - Gesticonnect\" \/>\n<meta property=\"og:description\" content=\"[vc_row equal_height=\u00a0\u00bbyes\u00a0\u00bb content_placement=\u00a0\u00bbmiddle\u00a0\u00bb css=\u00a0\u00bb.vc_custom_1633702531091{padding-top: 20px !important;padding-bottom: 20px !important;background-color: #ffffff !important;background-position: center !important;background-repeat: no-repeat !important;background-size: cover !important;}\u00a0\u00bb el_id=\u00a0\u00bbben-admin-sec1&Prime; el_class=\u00a0\u00bbdark-heading\u00a0\u00bb][vc_column width=\u00a0\u00bb1\/2&Prime; col_padding=\u00a0\u00bb3&Prime; col_padding_side=\u00a0\u00bbright\u00a0\u00bb css=\u00a0\u00bb.vc_custom_1631206017134{padding-top: 50px !important;padding-bottom: 50px !important;}\u00a0\u00bb el_class=\u00a0\u00bbben-admin-sec1-left\u00a0\u00bb][vc_single_image image=\u00a0\u00bb7003424&Prime;][\/vc_column][vc_column width=\u00a0\u00bb1\/2&Prime; col_padding_side=\u00a0\u00bbleft\u00a0\u00bb el_class=\u00a0\u00bbben-admin-sec1-right\u00a0\u00bb][vc_custom_heading text=\u00a0\u00bbTechnologie avant-gardiste automatisant l\u2019administration des r\u00e9gimes d\u2019assurance collective\u00a0\u00bb font_container=\u00a0\u00bbtag:h2|font_size:34px|text_align:left\u00a0\u00bb use_theme_fonts=\u00a0\u00bbyes\u00a0\u00bb el_class=\u00a0\u00bbhead-blue\u00a0\u00bb][vc_column_text font_size=\u00a0\u00bblarge\u00a0\u00bb] Simplifiez et automatisez vos processus d\u2019affaires. [\/vc_column_text][\/vc_column][\/vc_row][vc_row [&hellip;]\" \/>\n<meta property=\"og:url\" content=\"https:\/\/gesticonnect.com\/fr-ca\/nos-solutions\/administration-des-avantages-sociaux\/\" \/>\n<meta property=\"og:site_name\" content=\"Gesticonnect\" \/>\n<meta property=\"article:modified_time\" content=\"2021-11-22T16:01:42+00:00\" \/>\n<meta name=\"twitter:card\" content=\"summary_large_image\" \/>\n<meta name=\"twitter:label1\" content=\"Estimation du temps de lecture\" \/>\n\t<meta name=\"twitter:data1\" content=\"2 minutes\" \/>\n<script type=\"application\/ld+json\" class=\"yoast-schema-graph\">{\"@context\":\"https:\/\/schema.org\",\"@graph\":[{\"@type\":\"WebPage\",\"@id\":\"https:\/\/gesticonnect.com\/fr-ca\/nos-solutions\/administration-des-avantages-sociaux\/\",\"url\":\"https:\/\/gesticonnect.com\/fr-ca\/nos-solutions\/administration-des-avantages-sociaux\/\",\"name\":\"Administration des r\u00e9gimes d\u2019assurance collective - Gesticonnect\",\"isPartOf\":{\"@id\":\"https:\/\/gesticonnect.com\/#website\"},\"datePublished\":\"2021-10-29T16:03:51+00:00\",\"dateModified\":\"2021-11-22T16:01:42+00:00\",\"breadcrumb\":{\"@id\":\"https:\/\/gesticonnect.com\/fr-ca\/nos-solutions\/administration-des-avantages-sociaux\/#breadcrumb\"},\"inLanguage\":\"fr-CA\",\"potentialAction\":[{\"@type\":\"ReadAction\",\"target\":[\"https:\/\/gesticonnect.com\/fr-ca\/nos-solutions\/administration-des-avantages-sociaux\/\"]}]},{\"@type\":\"BreadcrumbList\",\"@id\":\"https:\/\/gesticonnect.com\/fr-ca\/nos-solutions\/administration-des-avantages-sociaux\/#breadcrumb\",\"itemListElement\":[{\"@type\":\"ListItem\",\"position\":1,\"name\":\"Home\",\"item\":\"https:\/\/gesticonnect.com\/fr-ca\/accueil\/\"},{\"@type\":\"ListItem\",\"position\":2,\"name\":\"Nos solutions\",\"item\":\"https:\/\/gesticonnect.com\/fr-ca\/nos-solutions\/\"},{\"@type\":\"ListItem\",\"position\":3,\"name\":\"Administration des r\u00e9gimes d\u2019assurance collective\"}]},{\"@type\":\"WebSite\",\"@id\":\"https:\/\/gesticonnect.com\/#website\",\"url\":\"https:\/\/gesticonnect.com\/\",\"name\":\"Gesticonnect\",\"description\":\"\",\"potentialAction\":[{\"@type\":\"SearchAction\",\"target\":{\"@type\":\"EntryPoint\",\"urlTemplate\":\"https:\/\/gesticonnect.com\/?s={search_term_string}\"},\"query-input\":\"required name=search_term_string\"}],\"inLanguage\":\"fr-CA\"}]}<\/script>\n<!-- \/ Yoast SEO plugin. -->","yoast_head_json":{"title":"Administration des r\u00e9gimes d\u2019assurance collective | Gesticonnect","robots":{"index":"index","follow":"follow","max-snippet":"max-snippet:-1","max-image-preview":"max-image-preview:large","max-video-preview":"max-video-preview:-1"},"canonical":"https:\/\/gesticonnect.com\/fr-ca\/nos-solutions\/administration-des-avantages-sociaux\/","og_locale":"fr_CA","og_type":"article","og_title":"Administration des r\u00e9gimes d\u2019assurance collective - Gesticonnect","og_description":"[vc_row equal_height=\u00a0\u00bbyes\u00a0\u00bb content_placement=\u00a0\u00bbmiddle\u00a0\u00bb css=\u00a0\u00bb.vc_custom_1633702531091{padding-top: 20px !important;padding-bottom: 20px !important;background-color: #ffffff !important;background-position: center !important;background-repeat: no-repeat !important;background-size: cover !important;}\u00a0\u00bb el_id=\u00a0\u00bbben-admin-sec1&Prime; el_class=\u00a0\u00bbdark-heading\u00a0\u00bb][vc_column width=\u00a0\u00bb1\/2&Prime; col_padding=\u00a0\u00bb3&Prime; col_padding_side=\u00a0\u00bbright\u00a0\u00bb css=\u00a0\u00bb.vc_custom_1631206017134{padding-top: 50px !important;padding-bottom: 50px !important;}\u00a0\u00bb el_class=\u00a0\u00bbben-admin-sec1-left\u00a0\u00bb][vc_single_image image=\u00a0\u00bb7003424&Prime;][\/vc_column][vc_column width=\u00a0\u00bb1\/2&Prime; col_padding_side=\u00a0\u00bbleft\u00a0\u00bb el_class=\u00a0\u00bbben-admin-sec1-right\u00a0\u00bb][vc_custom_heading text=\u00a0\u00bbTechnologie avant-gardiste automatisant l\u2019administration des r\u00e9gimes d\u2019assurance collective\u00a0\u00bb font_container=\u00a0\u00bbtag:h2|font_size:34px|text_align:left\u00a0\u00bb use_theme_fonts=\u00a0\u00bbyes\u00a0\u00bb el_class=\u00a0\u00bbhead-blue\u00a0\u00bb][vc_column_text font_size=\u00a0\u00bblarge\u00a0\u00bb] Simplifiez et automatisez vos processus d\u2019affaires. [\/vc_column_text][\/vc_column][\/vc_row][vc_row [&hellip;]","og_url":"https:\/\/gesticonnect.com\/fr-ca\/nos-solutions\/administration-des-avantages-sociaux\/","og_site_name":"Gesticonnect","article_modified_time":"2021-11-22T16:01:42+00:00","twitter_card":"summary_large_image","twitter_misc":{"Estimation du temps de lecture":"2 minutes"},"schema":{"@context":"https:\/\/schema.org","@graph":[{"@type":"WebPage","@id":"https:\/\/gesticonnect.com\/fr-ca\/nos-solutions\/administration-des-avantages-sociaux\/","url":"https:\/\/gesticonnect.com\/fr-ca\/nos-solutions\/administration-des-avantages-sociaux\/","name":"Administration des r\u00e9gimes d\u2019assurance collective - Gesticonnect","isPartOf":{"@id":"https:\/\/gesticonnect.com\/#website"},"datePublished":"2021-10-29T16:03:51+00:00","dateModified":"2021-11-22T16:01:42+00:00","breadcrumb":{"@id":"https:\/\/gesticonnect.com\/fr-ca\/nos-solutions\/administration-des-avantages-sociaux\/#breadcrumb"},"inLanguage":"fr-CA","potentialAction":[{"@type":"ReadAction","target":["https:\/\/gesticonnect.com\/fr-ca\/nos-solutions\/administration-des-avantages-sociaux\/"]}]},{"@type":"BreadcrumbList","@id":"https:\/\/gesticonnect.com\/fr-ca\/nos-solutions\/administration-des-avantages-sociaux\/#breadcrumb","itemListElement":[{"@type":"ListItem","position":1,"name":"Home","item":"https:\/\/gesticonnect.com\/fr-ca\/accueil\/"},{"@type":"ListItem","position":2,"name":"Nos solutions","item":"https:\/\/gesticonnect.com\/fr-ca\/nos-solutions\/"},{"@type":"ListItem","position":3,"name":"Administration des r\u00e9gimes d\u2019assurance collective"}]},{"@type":"WebSite","@id":"https:\/\/gesticonnect.com\/#website","url":"https:\/\/gesticonnect.com\/","name":"Gesticonnect","description":"","potentialAction":[{"@type":"SearchAction","target":{"@type":"EntryPoint","urlTemplate":"https:\/\/gesticonnect.com\/?s={search_term_string}"},"query-input":"required name=search_term_string"}],"inLanguage":"fr-CA"}]}},"jetpack_sharing_enabled":true,"_links":{"self":[{"href":"https:\/\/gesticonnect.com\/fr-ca\/wp-json\/wp\/v2\/pages\/7002902","targetHints":{"allow":["GET"]}}],"collection":[{"href":"https:\/\/gesticonnect.com\/fr-ca\/wp-json\/wp\/v2\/pages"}],"about":[{"href":"https:\/\/gesticonnect.com\/fr-ca\/wp-json\/wp\/v2\/types\/page"}],"author":[{"embeddable":true,"href":"https:\/\/gesticonnect.com\/fr-ca\/wp-json\/wp\/v2\/users\/1"}],"replies":[{"embeddable":true,"href":"https:\/\/gesticonnect.com\/fr-ca\/wp-json\/wp\/v2\/comments?post=7002902"}],"version-history":[{"count":10,"href":"https:\/\/gesticonnect.com\/fr-ca\/wp-json\/wp\/v2\/pages\/7002902\/revisions"}],"predecessor-version":[{"id":7003426,"href":"https:\/\/gesticonnect.com\/fr-ca\/wp-json\/wp\/v2\/pages\/7002902\/revisions\/7003426"}],"up":[{"embeddable":true,"href":"https:\/\/gesticonnect.com\/fr-ca\/wp-json\/wp\/v2\/pages\/7002913"}],"wp:attachment":[{"href":"https:\/\/gesticonnect.com\/fr-ca\/wp-json\/wp\/v2\/media?parent=7002902"}],"curies":[{"name":"wp","href":"https:\/\/api.w.org\/{rel}","templated":true}]}}