{"id":7002875,"date":"2021-10-29T16:03:44","date_gmt":"2021-10-29T16:03:44","guid":{"rendered":"https:\/\/gesticonnect.com\/flexplus-entreprise\/"},"modified":"2021-11-11T21:16:16","modified_gmt":"2021-11-11T21:16:16","slug":"flexplus-entreprise","status":"publish","type":"page","link":"https:\/\/gesticonnect.com\/fr-ca\/nos-solutions\/administration-des-avantages-sociaux\/flexplus-entreprise\/","title":{"rendered":"FlexPlus ENTREPRISE"},"content":{"rendered":"<p>[vc_row equal_height=\u00a0\u00bbyes\u00a0\u00bb content_placement=\u00a0\u00bbmiddle\u00a0\u00bb css=\u00a0\u00bb.vc_custom_1631739761401{padding-top: 40px !important;padding-bottom: 20px !important;background-color: #ffffff !important;background-position: center !important;background-repeat: no-repeat !important;background-size: cover !important;}\u00a0\u00bb el_id=\u00a0\u00bblanding-page-vdo\u00a0\u00bb el_class=\u00a0\u00bbFP-prod-desc\u00a0\u00bb][vc_column width=\u00a0\u00bb1\/2&Prime; col_padding=\u00a0\u00bb3&Prime; col_padding_side=\u00a0\u00bbright\u00a0\u00bb][vc_single_image image=\u00a0\u00bb7003416&Prime;][\/vc_column][vc_column width=\u00a0\u00bb1\/2&Prime; col_padding=\u00a0\u00bb3&Prime; col_padding_side=\u00a0\u00bbleft\u00a0\u00bb el_class=\u00a0\u00bblanding-page-vdo-txt\u00a0\u00bb][vc_custom_heading text=\u00a0\u00bbTechnologie moderne et adaptable de prestation d\u2019avantages sociaux\u00a0\u00bb font_container=\u00a0\u00bbtag:h2|font_size:34px|text_align:left\u00a0\u00bb use_theme_fonts=\u00a0\u00bbyes\u00a0\u00bb css=\u00a0\u00bb.vc_custom_1635783950420{margin-bottom: 20px !important;}\u00a0\u00bb][vc_column_text font_size=\u00a0\u00bblarge\u00a0\u00bb el_id=\u00a0\u00bblanding-page-vdo-txt\u00a0\u00bb]<\/p>\n<div class=\"FP-prod-desc\">\n<p>La plateforme d\u2019administration des avantages sociaux, puissante et moderne, simplifie et automatise vos processus d\u2019affaires.<\/p><\/div>\n<p>[\/vc_column_text]\n<div class=\"wpcf7 no-js\" id=\"wpcf7-f7003094-o1\" lang=\"fr-CA\" dir=\"ltr\">\n<div class=\"screen-reader-response\"><p role=\"status\" aria-live=\"polite\" aria-atomic=\"true\"><\/p> <ul><\/ul><\/div>\n<form action=\"\/fr-ca\/wp-json\/wp\/v2\/pages\/7002875#wpcf7-f7003094-o1\" method=\"post\" class=\"wpcf7-form init\" aria-label=\"Contact form\" novalidate=\"novalidate\" data-status=\"init\">\n<div style=\"display: none;\">\n<input type=\"hidden\" name=\"_wpcf7\" value=\"7003094\" \/>\n<input type=\"hidden\" name=\"_wpcf7_version\" value=\"5.8.5\" \/>\n<input type=\"hidden\" name=\"_wpcf7_locale\" value=\"fr_CA\" \/>\n<input type=\"hidden\" name=\"_wpcf7_unit_tag\" value=\"wpcf7-f7003094-o1\" \/>\n<input type=\"hidden\" name=\"_wpcf7_container_post\" value=\"0\" \/>\n<input type=\"hidden\" name=\"_wpcf7_posted_data_hash\" value=\"\" \/>\n<\/div>\n<div class=\"row home-contact-frm\">\n\t<div class=\"col-lg-6\">\n\t\t<div class=\"form-group\">\n\t\t\t<p><label> Nom complet<\/label><br \/>\n<span class=\"wpcf7-form-control-wrap\" data-name=\"your-name\"><input size=\"40\" class=\"wpcf7-form-control wpcf7-text wpcf7-validates-as-required\" aria-required=\"true\" aria-invalid=\"false\" placeholder=\"Nom complet\" value=\"\" type=\"text\" name=\"your-name\" \/><\/span>\n\t\t\t<\/p>\n\t\t<\/div>\n\t<\/div>\n\t<div class=\"col-lg-6\">\n\t\t<div class=\"form-group\">\n\t\t\t<p><label> Nom de l\u2019entreprise<\/label><br \/>\n<span class=\"wpcf7-form-control-wrap\" data-name=\"company-name\"><input size=\"40\" class=\"wpcf7-form-control wpcf7-text wpcf7-validates-as-required\" aria-required=\"true\" aria-invalid=\"false\" placeholder=\"Nom de l\u2019entreprise\" value=\"\" type=\"text\" name=\"company-name\" \/><\/span>\n\t\t\t<\/p>\n\t\t<\/div>\n\t<\/div>\n\t<div class=\"col-lg-6\">\n\t\t<div class=\"form-group\">\n\t\t\t<p><label> T\u00e9l\u00e9phone<\/label><br \/>\n<span class=\"wpcf7-form-control-wrap\" data-name=\"phone\"><input size=\"40\" class=\"wpcf7-form-control wpcf7-tel wpcf7-validates-as-required wpcf7-text wpcf7-validates-as-tel\" aria-required=\"true\" aria-invalid=\"false\" placeholder=\"T\u00e9l\u00e9phone\" value=\"\" type=\"tel\" name=\"phone\" \/><\/span>\n\t\t\t<\/p>\n\t\t<\/div>\n\t<\/div>\n\t<div class=\"col-lg-6\">\n\t\t<div class=\"form-group\">\n\t\t\t<p><label> Adresse de courriel<\/label><br \/>\n<span class=\"wpcf7-form-control-wrap\" data-name=\"your-email\"><input size=\"40\" class=\"wpcf7-form-control wpcf7-email wpcf7-validates-as-required wpcf7-text wpcf7-validates-as-email\" aria-required=\"true\" aria-invalid=\"false\" placeholder=\"Adresse de courriel\" value=\"\" type=\"email\" name=\"your-email\" \/><\/span>\n\t\t\t<\/p>\n\t\t<\/div>\n\t<\/div>\n\t<div class=\"col-lg-12\">\n\t\t<div class=\"form-group form-btn-wrapper\">\n\t\t\t<p><label> Demander un rappel<\/label><br \/>\n<button class=\"contact-custom-btn\" a=\"\" callback=\"\" original=\"PC9idXR0b24+\">Demander un rappel<\/button>\n\t\t\t<\/p>\n\t\t<\/div>\n\t<\/div>\n<\/div><div class=\"wpcf7-response-output\" aria-hidden=\"true\"><\/div>\n<\/form>\n<\/div>\n[\/vc_column][\/vc_row][vc_row el_id=\u00a0\u00bblanding-page-vdo-small\u00a0\u00bb css=\u00a0\u00bb.vc_custom_1631204288655{margin-bottom: 70px !important;padding-top: 70px !important;}\u00a0\u00bb][vc_column el_class=\u00a0\u00bbdark-heading\u00a0\u00bb][vc_custom_heading text=\u00a0\u00bbTechnologie moderne et adaptable de prestation d\u2019avantages sociaux\u00a0\u00bb font_container=\u00a0\u00bbtag:h2|font_size:30px|text_align:left\u00a0\u00bb use_theme_fonts=\u00a0\u00bbyes\u00a0\u00bb css=\u00a0\u00bb.vc_custom_1635783957673{margin-bottom: 20px !important;}\u00a0\u00bb][vc_single_image image=\u00a0\u00bb7003416&Prime; css=\u00a0\u00bb.vc_custom_1636665332304{padding-top: 30px !important;}\u00a0\u00bb][vc_column_text font_size=\u00a0\u00bblarge\u00a0\u00bb css=\u00a0\u00bb.vc_custom_1635783974675{padding-top: 30px !important;}\u00a0\u00bb]<\/p>\n<div class=\"FP-prod-desc\">\n<p>La plateforme d\u2019administration des avantages sociaux, puissante et moderne, simplifie et automatise vos processus d\u2019affaires.<\/p><\/div>\n<p>[\/vc_column_text]\n<div class=\"wpcf7 no-js\" id=\"wpcf7-f7003094-o2\" lang=\"fr-CA\" dir=\"ltr\">\n<div class=\"screen-reader-response\"><p role=\"status\" aria-live=\"polite\" aria-atomic=\"true\"><\/p> <ul><\/ul><\/div>\n<form action=\"\/fr-ca\/wp-json\/wp\/v2\/pages\/7002875#wpcf7-f7003094-o2\" method=\"post\" class=\"wpcf7-form init\" aria-label=\"Contact form\" novalidate=\"novalidate\" data-status=\"init\">\n<div style=\"display: none;\">\n<input type=\"hidden\" name=\"_wpcf7\" value=\"7003094\" \/>\n<input type=\"hidden\" name=\"_wpcf7_version\" value=\"5.8.5\" \/>\n<input type=\"hidden\" name=\"_wpcf7_locale\" value=\"fr_CA\" \/>\n<input type=\"hidden\" name=\"_wpcf7_unit_tag\" value=\"wpcf7-f7003094-o2\" \/>\n<input type=\"hidden\" name=\"_wpcf7_container_post\" value=\"0\" \/>\n<input type=\"hidden\" name=\"_wpcf7_posted_data_hash\" value=\"\" \/>\n<\/div>\n<div class=\"row home-contact-frm\">\n\t<div class=\"col-lg-6\">\n\t\t<div class=\"form-group\">\n\t\t\t<p><label> Nom complet<\/label><br \/>\n<span class=\"wpcf7-form-control-wrap\" data-name=\"your-name\"><input size=\"40\" class=\"wpcf7-form-control wpcf7-text wpcf7-validates-as-required\" aria-required=\"true\" aria-invalid=\"false\" placeholder=\"Nom complet\" value=\"\" type=\"text\" name=\"your-name\" \/><\/span>\n\t\t\t<\/p>\n\t\t<\/div>\n\t<\/div>\n\t<div class=\"col-lg-6\">\n\t\t<div class=\"form-group\">\n\t\t\t<p><label> Nom de l\u2019entreprise<\/label><br \/>\n<span class=\"wpcf7-form-control-wrap\" data-name=\"company-name\"><input size=\"40\" class=\"wpcf7-form-control wpcf7-text wpcf7-validates-as-required\" aria-required=\"true\" aria-invalid=\"false\" placeholder=\"Nom de l\u2019entreprise\" value=\"\" type=\"text\" name=\"company-name\" \/><\/span>\n\t\t\t<\/p>\n\t\t<\/div>\n\t<\/div>\n\t<div class=\"col-lg-6\">\n\t\t<div class=\"form-group\">\n\t\t\t<p><label> T\u00e9l\u00e9phone<\/label><br \/>\n<span class=\"wpcf7-form-control-wrap\" data-name=\"phone\"><input size=\"40\" class=\"wpcf7-form-control wpcf7-tel wpcf7-validates-as-required wpcf7-text wpcf7-validates-as-tel\" aria-required=\"true\" aria-invalid=\"false\" placeholder=\"T\u00e9l\u00e9phone\" value=\"\" type=\"tel\" name=\"phone\" \/><\/span>\n\t\t\t<\/p>\n\t\t<\/div>\n\t<\/div>\n\t<div class=\"col-lg-6\">\n\t\t<div class=\"form-group\">\n\t\t\t<p><label> Adresse de courriel<\/label><br \/>\n<span class=\"wpcf7-form-control-wrap\" data-name=\"your-email\"><input size=\"40\" class=\"wpcf7-form-control wpcf7-email wpcf7-validates-as-required wpcf7-text wpcf7-validates-as-email\" aria-required=\"true\" aria-invalid=\"false\" placeholder=\"Adresse de courriel\" value=\"\" type=\"email\" name=\"your-email\" \/><\/span>\n\t\t\t<\/p>\n\t\t<\/div>\n\t<\/div>\n\t<div class=\"col-lg-12\">\n\t\t<div class=\"form-group form-btn-wrapper\">\n\t\t\t<p><label> Demander un rappel<\/label><br \/>\n<button class=\"contact-custom-btn\" a=\"\" callback=\"\" original=\"PC9idXR0b24+\">Demander un rappel<\/button>\n\t\t\t<\/p>\n\t\t<\/div>\n\t<\/div>\n<\/div><div class=\"wpcf7-response-output\" aria-hidden=\"true\"><\/div>\n<\/form>\n<\/div>\n[\/vc_column][\/vc_row][vc_row css=\u00a0\u00bb.vc_custom_1633703542582{padding-top: 35px !important;padding-bottom: 35px !important;background-color: #f8f8f8 !important;}\u00a0\u00bb el_id=\u00a0\u00bbdiscover-core-features\u00a0\u00bb el_class=\u00a0\u00bbdark-heading\u00a0\u00bb][vc_column]<div class=\"special-heading vntd-heading heading-no-border heading-align-center\"><h3 class=\"special-heading-title\">Principales caract\u00e9ristiques<\/h3><p class=\"special-heading-subtitle\">Des solutions d\u2019administration des avantages sociaux collectifs, automatis\u00e9es et flexibles.<\/p><\/div>[vc_row_inner el_class=\u00a0\u00bbdark-heading\u00a0\u00bb][vc_column_inner el_class=\u00a0\u00bbdiscover-core-features-left\u00a0\u00bb width=\u00a0\u00bb1\/3&Prime;]<div class=\"vntd-icon-box vntd-content-element box-centered-outline icon-size-medium box-centered big-icon-right\"><div class=\"icon-box-icon color-gray\"><i class=\"fas fa-adjust\"><\/i><\/div><div class=\"icon-box-content\"><h5 class=\"icon-box-title\">Exp\u00e9rience en ligne<\/h5><p class=\"icon-description\">Plateforme num\u00e9rique moderne, libre-service, qui permet aux employ\u00e9s d\u2019adh\u00e9rer \u00e0 leur programme et de g\u00e9rer leurs avantages sociaux dans un seul environnement, ce qui am\u00e9liore leur exp\u00e9rience.<\/p><\/div><\/div><div class=\"vntd-icon-box vntd-content-element box-centered-outline icon-size-medium box-centered big-icon-right\"><div class=\"icon-box-icon color-gray\"><i class=\"fas fa-adjust\"><\/i><\/div><div class=\"icon-box-content\"><h5 class=\"icon-box-title\">March\u00e9 num\u00e9rique<\/h5><p class=\"icon-description\">Acc\u00e8s \u00e0 une gamme num\u00e9rique et moderne de produits d\u2019assurances collectives qui bonifie l\u2019offre aux clients tout en vous donnant de nouvelles occasions d\u2019accro\u00eetre vos revenus.<\/p><\/div><\/div><div class=\"vntd-icon-box vntd-content-element box-centered-outline icon-size-medium box-centered big-icon-right\"><div class=\"icon-box-icon color-gray\"><i class=\"fas fa-adjust\"><\/i><\/div><div class=\"icon-box-content\"><h5 class=\"icon-box-title\">Site Web r\u00e9actif<\/h5><p class=\"icon-description\">Adaptation automatique \u00e0 votre appareil pr\u00e9f\u00e9r\u00e9.<\/p><\/div><\/div>[\/vc_column_inner][vc_column_inner width=\u00a0\u00bb1\/3&Prime;][vc_single_image image=\u00a0\u00bb7003418&Prime; alignment=\u00a0\u00bbcenter\u00a0\u00bb][\/vc_column_inner][vc_column_inner el_class=\u00a0\u00bbdiscover-core-features-right\u00a0\u00bb width=\u00a0\u00bb1\/3&Prime;]<div class=\"vntd-icon-box vntd-content-element box-centered-outline icon-size-medium box-centered big-icon-left\"><div class=\"icon-box-icon color-gray\"><i class=\"fas fa-adjust\"><\/i><\/div><div class=\"icon-box-content\"><h5 class=\"icon-box-title\">Technologie puissante<\/h5><p class=\"icon-description\">Plateforme num\u00e9rique d\u2019administration des avantages sociaux int\u00e9gr\u00e9e avec les portails des administrateurs tiers, des assureurs et des clients, qui simplifie et automatise les processus d\u2019affaires.<\/p><\/div><\/div><div class=\"vntd-icon-box vntd-content-element box-centered-outline icon-size-medium box-centered big-icon-left\"><div class=\"icon-box-icon color-gray\"><i class=\"fas fa-adjust\"><\/i><\/div><div class=\"icon-box-content\"><h5 class=\"icon-box-title\">Administration avanc\u00e9e<\/h5><p class=\"icon-description\">Conception simple et flexible de tous les r\u00e9gimes, assortie de rapports et d\u2019analyses des donn\u00e9es en temps r\u00e9el et d\u2019une gestion flexible de la facturation pour am\u00e9liorer la gestion et retenir les clients.<\/p><\/div><\/div><div class=\"vntd-icon-box vntd-content-element box-centered-outline icon-size-medium box-centered big-icon-left\"><div class=\"icon-box-icon color-gray\"><i class=\"fas fa-adjust\"><\/i><\/div><div class=\"icon-box-content\"><h5 class=\"icon-box-title\">Marque blanche<\/h5><p class=\"icon-description\">Personnalisation gr\u00e2ce \u00e0 l\u2019ajout des marques d\u2019entreprise du client et de l\u2019administrateur tiers.<\/p><\/div><\/div>[\/vc_column_inner][\/vc_row_inner][\/vc_column][\/vc_row][vc_row css=\u00a0\u00bb.vc_custom_1633703576495{padding-top: 35px !important;padding-bottom: 35px !important;background-color: #f8f8f8 !important;}\u00a0\u00bb el_id=\u00a0\u00bbdiscover-core-features-small\u00a0\u00bb el_class=\u00a0\u00bbdark-heading\u00a0\u00bb][vc_column]<div class=\"special-heading vntd-heading heading-no-border heading-align-center\"><h3 class=\"special-heading-title\">Principales caract\u00e9ristiques<\/h3><p class=\"special-heading-subtitle\">Des solutions d\u2019administration des avantages sociaux collectifs, automatis\u00e9es et flexibles.<\/p><\/div>[vc_row_inner el_class=\u00a0\u00bbdark-heading\u00a0\u00bb][vc_column_inner width=\u00a0\u00bb1\/2&Prime;][vc_single_image image=\u00a0\u00bb7002829&Prime; alignment=\u00a0\u00bbcenter\u00a0\u00bb][\/vc_column_inner][vc_column_inner width=\u00a0\u00bb1\/2&Prime;]<div class=\"vntd-icon-box vntd-content-element box-centered-outline icon-size-medium box-centered big-icon-right\"><div class=\"icon-box-icon color-gray\"><i class=\"fas fa-adjust\"><\/i><\/div><div class=\"icon-box-content\"><h5 class=\"icon-box-title\">Exp\u00e9rience en ligne<\/h5><p class=\"icon-description\">Plateforme num\u00e9rique moderne, libre-service, qui permet aux employ\u00e9s d\u2019adh\u00e9rer \u00e0 leur programme et de g\u00e9rer leurs avantages sociaux dans un seul environnement, ce qui am\u00e9liore leur exp\u00e9rience.<\/p><\/div><\/div><div class=\"vntd-icon-box vntd-content-element box-centered-outline icon-size-medium box-centered big-icon-right\"><div class=\"icon-box-icon color-gray\"><i class=\"fas fa-adjust\"><\/i><\/div><div class=\"icon-box-content\"><h5 class=\"icon-box-title\">March\u00e9 num\u00e9rique<\/h5><p class=\"icon-description\">Acc\u00e8s \u00e0 une gamme num\u00e9rique et moderne de produits d\u2019assurances collectives qui bonifie l\u2019offre aux clients tout en vous donnant de nouvelles occasions d\u2019accro\u00eetre vos revenus.<\/p><\/div><\/div><div class=\"vntd-icon-box vntd-content-element box-centered-outline icon-size-medium box-centered big-icon-right\"><div class=\"icon-box-icon color-gray\"><i class=\"fas fa-adjust\"><\/i><\/div><div class=\"icon-box-content\"><h5 class=\"icon-box-title\">Site Web r\u00e9actif<\/h5><p class=\"icon-description\">Adaptation automatique \u00e0 votre appareil pr\u00e9f\u00e9r\u00e9.<\/p><\/div><\/div><div class=\"vntd-icon-box vntd-content-element box-centered-outline icon-size-medium box-centered big-icon-left\"><div class=\"icon-box-icon color-gray\"><i class=\"fas fa-adjust\"><\/i><\/div><div class=\"icon-box-content\"><h5 class=\"icon-box-title\">Technologie puissante<\/h5><p class=\"icon-description\">Plateforme num\u00e9rique d\u2019administration des avantages sociaux int\u00e9gr\u00e9e avec les portails des administrateurs tiers, des assureurs et des clients, qui simplifie et automatise les processus d\u2019affaires.<\/p><\/div><\/div><div class=\"vntd-icon-box vntd-content-element box-centered-outline icon-size-medium box-centered big-icon-left\"><div class=\"icon-box-icon color-gray\"><i class=\"fas fa-adjust\"><\/i><\/div><div class=\"icon-box-content\"><h5 class=\"icon-box-title\">Administration avanc\u00e9e<\/h5><p class=\"icon-description\">Conception simple et flexible de tous les r\u00e9gimes, assortie de rapports et d\u2019analyses des donn\u00e9es en temps r\u00e9el et d\u2019une gestion flexible de la facturation pour am\u00e9liorer la gestion et retenir les clients.<\/p><\/div><\/div><div class=\"vntd-icon-box vntd-content-element box-centered-outline icon-size-medium box-centered\"><div class=\"icon-box-icon color-gray\"><i class=\"fas fa-adjust\"><\/i><\/div><div class=\"icon-box-content\"><h5 class=\"icon-box-title\">Marque blanche<\/h5><p class=\"icon-description\">Personnalisation gr\u00e2ce \u00e0 l\u2019ajout des marques d\u2019entreprise du client et de l\u2019administrateur tiers.<\/p><\/div><\/div>[\/vc_column_inner][\/vc_row_inner][\/vc_column][\/vc_row]<\/p>\n","protected":false},"excerpt":{"rendered":"<p>[vc_row equal_height=\u00a0\u00bbyes\u00a0\u00bb content_placement=\u00a0\u00bbmiddle\u00a0\u00bb css=\u00a0\u00bb.vc_custom_1631739761401{padding-top: 40px !important;padding-bottom: 20px !important;background-color: #ffffff !important;background-position: center !important;background-repeat: no-repeat !important;background-size: cover !important;}\u00a0\u00bb el_id=\u00a0\u00bblanding-page-vdo\u00a0\u00bb el_class=\u00a0\u00bbFP-prod-desc\u00a0\u00bb][vc_column width=\u00a0\u00bb1\/2&Prime; col_padding=\u00a0\u00bb3&Prime; col_padding_side=\u00a0\u00bbright\u00a0\u00bb][vc_single_image image=\u00a0\u00bb7003416&Prime;][\/vc_column][vc_column width=\u00a0\u00bb1\/2&Prime; col_padding=\u00a0\u00bb3&Prime; col_padding_side=\u00a0\u00bbleft\u00a0\u00bb el_class=\u00a0\u00bblanding-page-vdo-txt\u00a0\u00bb][vc_custom_heading text=\u00a0\u00bbTechnologie moderne et adaptable de prestation d\u2019avantages sociaux\u00a0\u00bb font_container=\u00a0\u00bbtag:h2|font_size:34px|text_align:left\u00a0\u00bb use_theme_fonts=\u00a0\u00bbyes\u00a0\u00bb css=\u00a0\u00bb.vc_custom_1635783950420{margin-bottom: 20px !important;}\u00a0\u00bb][vc_column_text font_size=\u00a0\u00bblarge\u00a0\u00bb el_id=\u00a0\u00bblanding-page-vdo-txt\u00a0\u00bb] La plateforme d\u2019administration des avantages sociaux, puissante et moderne, [&hellip;]<\/p>\n","protected":false},"author":1,"featured_media":0,"parent":7002902,"menu_order":0,"comment_status":"closed","ping_status":"closed","template":"","meta":{"bgseo_title":"","bgseo_description":"","bgseo_robots_index":"index","bgseo_robots_follow":"follow","footnotes":""},"class_list":["post-7002875","page","type-page","status-publish","hentry"],"yoast_head":"<!-- This site is optimized with the Yoast SEO plugin v21.7 - https:\/\/yoast.com\/wordpress\/plugins\/seo\/ -->\n<title>FlexPlus ENTREPRISE | Gesticonnect<\/title>\n<meta name=\"robots\" content=\"index, follow, max-snippet:-1, max-image-preview:large, max-video-preview:-1\" \/>\n<link rel=\"canonical\" href=\"https:\/\/gesticonnect.com\/fr-ca\/nos-solutions\/administration-des-avantages-sociaux\/flexplus-entreprise\/\" \/>\n<meta property=\"og:locale\" content=\"fr_CA\" \/>\n<meta property=\"og:type\" content=\"article\" \/>\n<meta property=\"og:title\" content=\"FlexPlus ENTREPRISE - Gesticonnect\" \/>\n<meta property=\"og:description\" content=\"[vc_row equal_height=\u00a0\u00bbyes\u00a0\u00bb content_placement=\u00a0\u00bbmiddle\u00a0\u00bb css=\u00a0\u00bb.vc_custom_1631739761401{padding-top: 40px !important;padding-bottom: 20px !important;background-color: #ffffff !important;background-position: center !important;background-repeat: no-repeat !important;background-size: cover !important;}\u00a0\u00bb el_id=\u00a0\u00bblanding-page-vdo\u00a0\u00bb el_class=\u00a0\u00bbFP-prod-desc\u00a0\u00bb][vc_column width=\u00a0\u00bb1\/2&Prime; col_padding=\u00a0\u00bb3&Prime; col_padding_side=\u00a0\u00bbright\u00a0\u00bb][vc_single_image image=\u00a0\u00bb7003416&Prime;][\/vc_column][vc_column width=\u00a0\u00bb1\/2&Prime; col_padding=\u00a0\u00bb3&Prime; col_padding_side=\u00a0\u00bbleft\u00a0\u00bb el_class=\u00a0\u00bblanding-page-vdo-txt\u00a0\u00bb][vc_custom_heading text=\u00a0\u00bbTechnologie moderne et adaptable de prestation d\u2019avantages sociaux\u00a0\u00bb font_container=\u00a0\u00bbtag:h2|font_size:34px|text_align:left\u00a0\u00bb use_theme_fonts=\u00a0\u00bbyes\u00a0\u00bb css=\u00a0\u00bb.vc_custom_1635783950420{margin-bottom: 20px !important;}\u00a0\u00bb][vc_column_text font_size=\u00a0\u00bblarge\u00a0\u00bb el_id=\u00a0\u00bblanding-page-vdo-txt\u00a0\u00bb] La plateforme d\u2019administration des avantages sociaux, puissante et moderne, [&hellip;]\" \/>\n<meta property=\"og:url\" content=\"https:\/\/gesticonnect.com\/fr-ca\/nos-solutions\/administration-des-avantages-sociaux\/flexplus-entreprise\/\" \/>\n<meta property=\"og:site_name\" content=\"Gesticonnect\" \/>\n<meta property=\"article:modified_time\" content=\"2021-11-11T21:16:16+00:00\" \/>\n<meta name=\"twitter:card\" content=\"summary_large_image\" \/>\n<meta name=\"twitter:label1\" content=\"Estimation du temps de lecture\" \/>\n\t<meta name=\"twitter:data1\" content=\"4 minutes\" \/>\n<script type=\"application\/ld+json\" class=\"yoast-schema-graph\">{\"@context\":\"https:\/\/schema.org\",\"@graph\":[{\"@type\":\"WebPage\",\"@id\":\"https:\/\/gesticonnect.com\/fr-ca\/nos-solutions\/administration-des-avantages-sociaux\/flexplus-entreprise\/\",\"url\":\"https:\/\/gesticonnect.com\/fr-ca\/nos-solutions\/administration-des-avantages-sociaux\/flexplus-entreprise\/\",\"name\":\"FlexPlus ENTREPRISE - Gesticonnect\",\"isPartOf\":{\"@id\":\"https:\/\/gesticonnect.com\/#website\"},\"datePublished\":\"2021-10-29T16:03:44+00:00\",\"dateModified\":\"2021-11-11T21:16:16+00:00\",\"breadcrumb\":{\"@id\":\"https:\/\/gesticonnect.com\/fr-ca\/nos-solutions\/administration-des-avantages-sociaux\/flexplus-entreprise\/#breadcrumb\"},\"inLanguage\":\"fr-CA\",\"potentialAction\":[{\"@type\":\"ReadAction\",\"target\":[\"https:\/\/gesticonnect.com\/fr-ca\/nos-solutions\/administration-des-avantages-sociaux\/flexplus-entreprise\/\"]}]},{\"@type\":\"BreadcrumbList\",\"@id\":\"https:\/\/gesticonnect.com\/fr-ca\/nos-solutions\/administration-des-avantages-sociaux\/flexplus-entreprise\/#breadcrumb\",\"itemListElement\":[{\"@type\":\"ListItem\",\"position\":1,\"name\":\"Home\",\"item\":\"https:\/\/gesticonnect.com\/fr-ca\/accueil\/\"},{\"@type\":\"ListItem\",\"position\":2,\"name\":\"Nos solutions\",\"item\":\"https:\/\/gesticonnect.com\/fr-ca\/nos-solutions\/\"},{\"@type\":\"ListItem\",\"position\":3,\"name\":\"Administration des r\u00e9gimes d\u2019assurance collective\",\"item\":\"https:\/\/gesticonnect.com\/fr-ca\/nos-solutions\/administration-des-avantages-sociaux\/\"},{\"@type\":\"ListItem\",\"position\":4,\"name\":\"FlexPlus ENTREPRISE\"}]},{\"@type\":\"WebSite\",\"@id\":\"https:\/\/gesticonnect.com\/#website\",\"url\":\"https:\/\/gesticonnect.com\/\",\"name\":\"Gesticonnect\",\"description\":\"\",\"potentialAction\":[{\"@type\":\"SearchAction\",\"target\":{\"@type\":\"EntryPoint\",\"urlTemplate\":\"https:\/\/gesticonnect.com\/?s={search_term_string}\"},\"query-input\":\"required name=search_term_string\"}],\"inLanguage\":\"fr-CA\"}]}<\/script>\n<!-- \/ Yoast SEO plugin. -->","yoast_head_json":{"title":"FlexPlus ENTREPRISE | Gesticonnect","robots":{"index":"index","follow":"follow","max-snippet":"max-snippet:-1","max-image-preview":"max-image-preview:large","max-video-preview":"max-video-preview:-1"},"canonical":"https:\/\/gesticonnect.com\/fr-ca\/nos-solutions\/administration-des-avantages-sociaux\/flexplus-entreprise\/","og_locale":"fr_CA","og_type":"article","og_title":"FlexPlus ENTREPRISE - Gesticonnect","og_description":"[vc_row equal_height=\u00a0\u00bbyes\u00a0\u00bb content_placement=\u00a0\u00bbmiddle\u00a0\u00bb css=\u00a0\u00bb.vc_custom_1631739761401{padding-top: 40px !important;padding-bottom: 20px !important;background-color: #ffffff !important;background-position: center !important;background-repeat: no-repeat !important;background-size: cover !important;}\u00a0\u00bb el_id=\u00a0\u00bblanding-page-vdo\u00a0\u00bb el_class=\u00a0\u00bbFP-prod-desc\u00a0\u00bb][vc_column width=\u00a0\u00bb1\/2&Prime; col_padding=\u00a0\u00bb3&Prime; col_padding_side=\u00a0\u00bbright\u00a0\u00bb][vc_single_image image=\u00a0\u00bb7003416&Prime;][\/vc_column][vc_column width=\u00a0\u00bb1\/2&Prime; col_padding=\u00a0\u00bb3&Prime; col_padding_side=\u00a0\u00bbleft\u00a0\u00bb el_class=\u00a0\u00bblanding-page-vdo-txt\u00a0\u00bb][vc_custom_heading text=\u00a0\u00bbTechnologie moderne et adaptable de prestation d\u2019avantages sociaux\u00a0\u00bb font_container=\u00a0\u00bbtag:h2|font_size:34px|text_align:left\u00a0\u00bb use_theme_fonts=\u00a0\u00bbyes\u00a0\u00bb css=\u00a0\u00bb.vc_custom_1635783950420{margin-bottom: 20px !important;}\u00a0\u00bb][vc_column_text font_size=\u00a0\u00bblarge\u00a0\u00bb el_id=\u00a0\u00bblanding-page-vdo-txt\u00a0\u00bb] La plateforme d\u2019administration des avantages sociaux, puissante et moderne, [&hellip;]","og_url":"https:\/\/gesticonnect.com\/fr-ca\/nos-solutions\/administration-des-avantages-sociaux\/flexplus-entreprise\/","og_site_name":"Gesticonnect","article_modified_time":"2021-11-11T21:16:16+00:00","twitter_card":"summary_large_image","twitter_misc":{"Estimation du temps de lecture":"4 minutes"},"schema":{"@context":"https:\/\/schema.org","@graph":[{"@type":"WebPage","@id":"https:\/\/gesticonnect.com\/fr-ca\/nos-solutions\/administration-des-avantages-sociaux\/flexplus-entreprise\/","url":"https:\/\/gesticonnect.com\/fr-ca\/nos-solutions\/administration-des-avantages-sociaux\/flexplus-entreprise\/","name":"FlexPlus ENTREPRISE - Gesticonnect","isPartOf":{"@id":"https:\/\/gesticonnect.com\/#website"},"datePublished":"2021-10-29T16:03:44+00:00","dateModified":"2021-11-11T21:16:16+00:00","breadcrumb":{"@id":"https:\/\/gesticonnect.com\/fr-ca\/nos-solutions\/administration-des-avantages-sociaux\/flexplus-entreprise\/#breadcrumb"},"inLanguage":"fr-CA","potentialAction":[{"@type":"ReadAction","target":["https:\/\/gesticonnect.com\/fr-ca\/nos-solutions\/administration-des-avantages-sociaux\/flexplus-entreprise\/"]}]},{"@type":"BreadcrumbList","@id":"https:\/\/gesticonnect.com\/fr-ca\/nos-solutions\/administration-des-avantages-sociaux\/flexplus-entreprise\/#breadcrumb","itemListElement":[{"@type":"ListItem","position":1,"name":"Home","item":"https:\/\/gesticonnect.com\/fr-ca\/accueil\/"},{"@type":"ListItem","position":2,"name":"Nos solutions","item":"https:\/\/gesticonnect.com\/fr-ca\/nos-solutions\/"},{"@type":"ListItem","position":3,"name":"Administration des r\u00e9gimes d\u2019assurance collective","item":"https:\/\/gesticonnect.com\/fr-ca\/nos-solutions\/administration-des-avantages-sociaux\/"},{"@type":"ListItem","position":4,"name":"FlexPlus ENTREPRISE"}]},{"@type":"WebSite","@id":"https:\/\/gesticonnect.com\/#website","url":"https:\/\/gesticonnect.com\/","name":"Gesticonnect","description":"","potentialAction":[{"@type":"SearchAction","target":{"@type":"EntryPoint","urlTemplate":"https:\/\/gesticonnect.com\/?s={search_term_string}"},"query-input":"required name=search_term_string"}],"inLanguage":"fr-CA"}]}},"jetpack_sharing_enabled":true,"_links":{"self":[{"href":"https:\/\/gesticonnect.com\/fr-ca\/wp-json\/wp\/v2\/pages\/7002875","targetHints":{"allow":["GET"]}}],"collection":[{"href":"https:\/\/gesticonnect.com\/fr-ca\/wp-json\/wp\/v2\/pages"}],"about":[{"href":"https:\/\/gesticonnect.com\/fr-ca\/wp-json\/wp\/v2\/types\/page"}],"author":[{"embeddable":true,"href":"https:\/\/gesticonnect.com\/fr-ca\/wp-json\/wp\/v2\/users\/1"}],"replies":[{"embeddable":true,"href":"https:\/\/gesticonnect.com\/fr-ca\/wp-json\/wp\/v2\/comments?post=7002875"}],"version-history":[{"count":16,"href":"https:\/\/gesticonnect.com\/fr-ca\/wp-json\/wp\/v2\/pages\/7002875\/revisions"}],"predecessor-version":[{"id":7003420,"href":"https:\/\/gesticonnect.com\/fr-ca\/wp-json\/wp\/v2\/pages\/7002875\/revisions\/7003420"}],"up":[{"embeddable":true,"href":"https:\/\/gesticonnect.com\/fr-ca\/wp-json\/wp\/v2\/pages\/7002902"}],"wp:attachment":[{"href":"https:\/\/gesticonnect.com\/fr-ca\/wp-json\/wp\/v2\/media?parent=7002875"}],"curies":[{"name":"wp","href":"https:\/\/api.w.org\/{rel}","templated":true}]}}